{"id":1794,"date":"2021-03-21T17:16:31","date_gmt":"2021-03-21T16:16:31","guid":{"rendered":"https:\/\/www.fytofontana.com\/hu\/?post_type=product&#038;p=1794"},"modified":"2025-10-12T19:52:17","modified_gmt":"2025-10-12T18:52:17","slug":"aurecon-natural-usne-sviecky","status":"publish","type":"product","link":"https:\/\/www.fytofontana.com\/sk\/produkt\/aurecon-natural-usne-sviecky\/","title":{"rendered":"AURECON u\u0161n\u00e9 svie\u010dky Natural"},"content":{"rendered":"<ul>\n<li>Bavlnen\u00e9 trubi\u010dky napusten\u00e9 zmesou v\u010delieho vosku, medu a paraf\u00ednu.<\/li>\n<li>Teplo vytvoren\u00e9 horen\u00edm svie\u010dky zm\u00e4k\u010duje nahromaden\u00fd maz a vytvoren\u00fd podtlak ho kom\u00ednov\u00fdm efektom vysaje.<\/li>\n<li>Z\u00e1rove\u0148 doch\u00e1dza k vyrovn\u00e1vaniu tlaku cez Eustachovu trubicu v celej oblasti hlavy a krku.<\/li>\n<li>S\u00fa \u0161peci\u00e1lne ur\u010den\u00e9 pre be\u017en\u00fa hygienu u\u0161\u00ed, s\u00fa prevenciou vzniku mazovej u\u0161nej z\u00e1tky, riedia, rozp\u00fa\u0161\u0165aj\u00fa a odstra\u0148uj\u00fa prebyto\u010dn\u00fd u\u0161n\u00fd maz.<\/li>\n<\/ul>\n<div class=\"field field--name-field-packings field--type-string field--label-inline\"><\/div>\n","protected":false},"featured_media":3716,"template":"","products":[55],"yoast_head":"<title>AURECON u\u0161n\u00e9 svie\u010dky Natural - Fytofontana<\/title>\n<meta name=\"description\" content=\"Ru\u010dne vyr\u00e1ban\u00e9 u\u0161n\u00e9 svie\u010dky z bavlny a vosku. Zm\u00e4k\u010duj\u00fa maz, u\u013eah\u010duj\u00fa \u010distenie a vyrovn\u00e1vaj\u00fa tlak v hlave. Bez plastu, s bezpe\u010dnostn\u00fdm filtrom.\" \/>\n<meta name=\"robots\" content=\"index, follow, max-snippet:-1, max-image-preview:large, max-video-preview:-1\" \/>\n<link rel=\"canonical\" href=\"https:\/\/www.fytofontana.com\/sk\/produkt\/aurecon-natural-usne-sviecky\/\" \/>\n<meta property=\"og:locale\" content=\"sk_SK\" \/>\n<meta property=\"og:type\" content=\"article\" \/>\n<meta property=\"og:title\" content=\"AURECON u\u0161n\u00e9 svie\u010dky Natural - Fytofontana\" \/>\n<meta property=\"og:description\" content=\"Ru\u010dne vyr\u00e1ban\u00e9 u\u0161n\u00e9 svie\u010dky z bavlny a vosku. Zm\u00e4k\u010duj\u00fa maz, u\u013eah\u010duj\u00fa \u010distenie a vyrovn\u00e1vaj\u00fa tlak v hlave. Bez plastu, s bezpe\u010dnostn\u00fdm filtrom.\" \/>\n<meta property=\"og:url\" content=\"https:\/\/www.fytofontana.com\/sk\/produkt\/aurecon-natural-usne-sviecky\/\" \/>\n<meta property=\"og:site_name\" content=\"Fytofontana\" \/>\n<meta property=\"article:modified_time\" content=\"2025-10-12T18:52:17+00:00\" \/>\n<meta property=\"og:image\" content=\"https:\/\/www.fytofontana.com\/wp-content\/uploads\/2021\/03\/2023_05_AURECON_Ear_Candles_Natural_1pair_1000x1000px_01_Primary.png\" \/>\n\t<meta property=\"og:image:width\" content=\"1000\" \/>\n\t<meta property=\"og:image:height\" content=\"1000\" \/>\n<meta name=\"twitter:card\" content=\"summary_large_image\" \/>\n<meta name=\"twitter:label1\" content=\"Predpokladan\u00fd \u010das \u010d\u00edtania\">\n\t<meta name=\"twitter:data1\" content=\"1 min\u00fata\">\n<script type=\"application\/ld+json\" class=\"yoast-schema-graph\">{\"@context\":\"https:\/\/schema.org\",\"@graph\":[{\"@type\":\"Organization\",\"@id\":\"https:\/\/www.fytofontana.com\/#organization\",\"name\":\"Fytofontana\",\"url\":\"https:\/\/www.fytofontana.com\/\",\"sameAs\":[],\"logo\":{\"@type\":\"ImageObject\",\"@id\":\"https:\/\/www.fytofontana.com\/#logo\",\"inLanguage\":\"sk-SK\",\"url\":\"https:\/\/www.fytofontana.com\/wp-content\/uploads\/2021\/01\/fyto.png\",\"width\":817,\"height\":79,\"caption\":\"Fytofontana\"},\"image\":{\"@id\":\"https:\/\/www.fytofontana.com\/#logo\"}},{\"@type\":\"WebSite\",\"@id\":\"https:\/\/www.fytofontana.com\/#website\",\"url\":\"https:\/\/www.fytofontana.com\/\",\"name\":\"Fytofontana\",\"description\":\"\",\"publisher\":{\"@id\":\"https:\/\/www.fytofontana.com\/#organization\"},\"potentialAction\":[{\"@type\":\"SearchAction\",\"target\":\"https:\/\/www.fytofontana.com\/?s={search_term_string}\",\"query-input\":\"required name=search_term_string\"}],\"inLanguage\":\"sk-SK\"},{\"@type\":\"ImageObject\",\"@id\":\"https:\/\/www.fytofontana.com\/sk\/produkt\/aurecon-natural-usne-sviecky\/#primaryimage\",\"inLanguage\":\"sk-SK\",\"url\":\"https:\/\/www.fytofontana.com\/wp-content\/uploads\/2021\/03\/2023_05_AURECON_Ear_Candles_Natural_1pair_1000x1000px_01_Primary.png\",\"width\":1000,\"height\":1000},{\"@type\":[\"WebPage\",\"ItemPage\"],\"@id\":\"https:\/\/www.fytofontana.com\/sk\/produkt\/aurecon-natural-usne-sviecky\/#webpage\",\"url\":\"https:\/\/www.fytofontana.com\/sk\/produkt\/aurecon-natural-usne-sviecky\/\",\"name\":\"AURECON u\\u0161n\\u00e9 svie\\u010dky Natural - Fytofontana\",\"isPartOf\":{\"@id\":\"https:\/\/www.fytofontana.com\/#website\"},\"primaryImageOfPage\":{\"@id\":\"https:\/\/www.fytofontana.com\/sk\/produkt\/aurecon-natural-usne-sviecky\/#primaryimage\"},\"datePublished\":\"2021-03-21T16:16:31+00:00\",\"dateModified\":\"2025-10-12T18:52:17+00:00\",\"description\":\"Ru\\u010dne vyr\\u00e1ban\\u00e9 u\\u0161n\\u00e9 svie\\u010dky z bavlny a vosku. Zm\\u00e4k\\u010duj\\u00fa maz, u\\u013eah\\u010duj\\u00fa \\u010distenie a vyrovn\\u00e1vaj\\u00fa tlak v hlave. Bez plastu, s bezpe\\u010dnostn\\u00fdm filtrom.\",\"breadcrumb\":{\"@id\":\"https:\/\/www.fytofontana.com\/sk\/produkt\/aurecon-natural-usne-sviecky\/#breadcrumb\"},\"inLanguage\":\"sk-SK\",\"potentialAction\":[{\"@type\":\"ReadAction\",\"target\":[\"https:\/\/www.fytofontana.com\/sk\/produkt\/aurecon-natural-usne-sviecky\/\"]}]},{\"@type\":\"BreadcrumbList\",\"@id\":\"https:\/\/www.fytofontana.com\/sk\/produkt\/aurecon-natural-usne-sviecky\/#breadcrumb\",\"itemListElement\":[{\"@type\":\"ListItem\",\"position\":1,\"item\":{\"@type\":\"WebPage\",\"@id\":\"https:\/\/www.fytofontana.com\/sk\/\",\"url\":\"https:\/\/www.fytofontana.com\/sk\/\",\"name\":\"Home\"}},{\"@type\":\"ListItem\",\"position\":2,\"item\":{\"@type\":\"WebPage\",\"@id\":\"https:\/\/www.fytofontana.com\/sk\/produkt\/aurecon-natural-usne-sviecky\/\",\"url\":\"https:\/\/www.fytofontana.com\/sk\/produkt\/aurecon-natural-usne-sviecky\/\",\"name\":\"AURECON u\\u0161n\\u00e9 svie\\u010dky Natural\"}}]}]}<\/script>","_links":{"self":[{"href":"https:\/\/www.fytofontana.com\/sk\/wp-json\/wp\/v2\/product\/1794"}],"collection":[{"href":"https:\/\/www.fytofontana.com\/sk\/wp-json\/wp\/v2\/product"}],"about":[{"href":"https:\/\/www.fytofontana.com\/sk\/wp-json\/wp\/v2\/types\/product"}],"wp:featuredmedia":[{"embeddable":true,"href":"https:\/\/www.fytofontana.com\/sk\/wp-json\/wp\/v2\/media\/3716"}],"wp:attachment":[{"href":"https:\/\/www.fytofontana.com\/sk\/wp-json\/wp\/v2\/media?parent=1794"}],"wp:term":[{"taxonomy":"products","embeddable":true,"href":"https:\/\/www.fytofontana.com\/sk\/wp-json\/wp\/v2\/products?post=1794"}],"curies":[{"name":"wp","href":"https:\/\/api.w.org\/{rel}","templated":true}]}}