{"id":1792,"date":"2021-03-18T20:23:55","date_gmt":"2021-03-18T19:23:55","guid":{"rendered":"https:\/\/www.fytofontana.com\/hu\/?post_type=product&#038;p=1792"},"modified":"2025-10-14T12:24:10","modified_gmt":"2025-10-14T11:24:10","slug":"aurecon-usny-sprej","status":"publish","type":"product","link":"https:\/\/www.fytofontana.com\/sk\/produkt\/aurecon-usny-sprej\/","title":{"rendered":"AURECON u\u0161n\u00fd sprej"},"content":{"rendered":"<ul>\n<li><b>MDR schv\u00e1len\u00e1 zdravotn\u00edcka pom\u00f4cka <\/b>(E\u00da 2017\/745).<\/li>\n<li><strong>Roztok z M\u0155tveho mora s extraktom z\u00a0Aloe Vera.<\/strong><\/li>\n<li>Prirodzen\u00fd neagres\u00edvny i\u00f3nov\u00fd roztok, ktor\u00fd rozklad\u00e1 u\u0161n\u00fd maz, bez toho aby dr\u00e1\u017edil u\u0161n\u00fd bubienok alebo kan\u00e1l vonkaj\u0161ieho ucha.<\/li>\n<li>\u0160peci\u00e1lne ur\u010den\u00fd pre be\u017en\u00fa hygienu a sl\u00fa\u017ei ako prevencia proti upchatiu zvukovodu u\u0161n\u00fdm mazom, zni\u017euje nadmern\u00e9 mno\u017estvo u\u0161n\u00e9ho mazu.<\/li>\n<li>Obsahuje akt\u00edvne stopov\u00e9 prvky morsk\u00e9ho p\u00f4vodu, extrakt z Aloe Vera a v\u010faka priazniv\u00fdm \u00fa\u010dinkom skalnej ru\u017ee m\u00f4\u017ee napom\u00e1ha\u0165 pri bolestiach a z\u00e1paloch ucha.<\/li>\n<li>Aurecon u\u0161n\u00fd sprej je jemn\u00fd, bezpe\u010dn\u00fd a \u00fa\u010dinn\u00fd roztok pre u\u0161n\u00fa hygienu.<\/li>\n<\/ul>\n<p>&nbsp;<\/p>\n","protected":false},"featured_media":3807,"template":"","products":[55],"yoast_head":"<title>AURECON u\u0161n\u00fd sprej - Fytofontana<\/title>\n<meta name=\"description\" content=\"Roztok z M\u0155tveho mora s aloe a skalnou ru\u017eou na \u0161etrn\u00fa hygienu u\u0161\u00ed. Rozklad\u00e1 maz bez podr\u00e1\u017edenia, nahr\u00e1dza vatov\u00e9 ty\u010dinky, pom\u00e1ha predch\u00e1dza\u0165 upchatiu a podr\u00e1\u017edeniu. Vhodn\u00fd najm\u00e4 pre seniorov, nosite\u013eov na\u010d\u00favadiel a \u013eud\u00ed pracuj\u00facich v pra\u0161nom prostred\u00ed.\" \/>\n<meta name=\"robots\" content=\"index, follow, max-snippet:-1, max-image-preview:large, max-video-preview:-1\" \/>\n<link rel=\"canonical\" href=\"https:\/\/www.fytofontana.com\/sk\/produkt\/aurecon-usny-sprej\/\" \/>\n<meta property=\"og:locale\" content=\"sk_SK\" \/>\n<meta property=\"og:type\" content=\"article\" \/>\n<meta property=\"og:title\" content=\"AURECON u\u0161n\u00fd sprej - Fytofontana\" \/>\n<meta property=\"og:description\" content=\"Roztok z M\u0155tveho mora s aloe a skalnou ru\u017eou na \u0161etrn\u00fa hygienu u\u0161\u00ed. Rozklad\u00e1 maz bez podr\u00e1\u017edenia, nahr\u00e1dza vatov\u00e9 ty\u010dinky, pom\u00e1ha predch\u00e1dza\u0165 upchatiu a podr\u00e1\u017edeniu. Vhodn\u00fd najm\u00e4 pre seniorov, nosite\u013eov na\u010d\u00favadiel a \u013eud\u00ed pracuj\u00facich v pra\u0161nom prostred\u00ed.\" \/>\n<meta property=\"og:url\" content=\"https:\/\/www.fytofontana.com\/sk\/produkt\/aurecon-usny-sprej\/\" \/>\n<meta property=\"og:site_name\" content=\"Fytofontana\" \/>\n<meta property=\"article:modified_time\" content=\"2025-10-14T11:24:10+00:00\" \/>\n<meta property=\"og:image\" content=\"https:\/\/www.fytofontana.com\/wp-content\/uploads\/2021\/03\/2023_05_AURECON_Spray_50ml_1000x1000px_01_Primary.png\" \/>\n\t<meta property=\"og:image:width\" content=\"1000\" \/>\n\t<meta property=\"og:image:height\" content=\"1000\" \/>\n<meta name=\"twitter:card\" content=\"summary_large_image\" \/>\n<meta name=\"twitter:label1\" content=\"Predpokladan\u00fd \u010das \u010d\u00edtania\">\n\t<meta name=\"twitter:data1\" content=\"1 min\u00fata\">\n<script type=\"application\/ld+json\" class=\"yoast-schema-graph\">{\"@context\":\"https:\/\/schema.org\",\"@graph\":[{\"@type\":\"Organization\",\"@id\":\"https:\/\/www.fytofontana.com\/#organization\",\"name\":\"Fytofontana\",\"url\":\"https:\/\/www.fytofontana.com\/\",\"sameAs\":[],\"logo\":{\"@type\":\"ImageObject\",\"@id\":\"https:\/\/www.fytofontana.com\/#logo\",\"inLanguage\":\"sk-SK\",\"url\":\"https:\/\/www.fytofontana.com\/wp-content\/uploads\/2021\/01\/fyto.png\",\"width\":817,\"height\":79,\"caption\":\"Fytofontana\"},\"image\":{\"@id\":\"https:\/\/www.fytofontana.com\/#logo\"}},{\"@type\":\"WebSite\",\"@id\":\"https:\/\/www.fytofontana.com\/#website\",\"url\":\"https:\/\/www.fytofontana.com\/\",\"name\":\"Fytofontana\",\"description\":\"\",\"publisher\":{\"@id\":\"https:\/\/www.fytofontana.com\/#organization\"},\"potentialAction\":[{\"@type\":\"SearchAction\",\"target\":\"https:\/\/www.fytofontana.com\/?s={search_term_string}\",\"query-input\":\"required name=search_term_string\"}],\"inLanguage\":\"sk-SK\"},{\"@type\":\"ImageObject\",\"@id\":\"https:\/\/www.fytofontana.com\/sk\/produkt\/aurecon-usny-sprej\/#primaryimage\",\"inLanguage\":\"sk-SK\",\"url\":\"https:\/\/www.fytofontana.com\/wp-content\/uploads\/2021\/03\/2023_05_AURECON_Spray_50ml_1000x1000px_01_Primary.png\",\"width\":1000,\"height\":1000},{\"@type\":[\"WebPage\",\"ItemPage\"],\"@id\":\"https:\/\/www.fytofontana.com\/sk\/produkt\/aurecon-usny-sprej\/#webpage\",\"url\":\"https:\/\/www.fytofontana.com\/sk\/produkt\/aurecon-usny-sprej\/\",\"name\":\"AURECON u\\u0161n\\u00fd sprej - Fytofontana\",\"isPartOf\":{\"@id\":\"https:\/\/www.fytofontana.com\/#website\"},\"primaryImageOfPage\":{\"@id\":\"https:\/\/www.fytofontana.com\/sk\/produkt\/aurecon-usny-sprej\/#primaryimage\"},\"datePublished\":\"2021-03-18T19:23:55+00:00\",\"dateModified\":\"2025-10-14T11:24:10+00:00\",\"description\":\"Roztok z M\\u0155tveho mora s aloe a skalnou ru\\u017eou na \\u0161etrn\\u00fa hygienu u\\u0161\\u00ed. Rozklad\\u00e1 maz bez podr\\u00e1\\u017edenia, nahr\\u00e1dza vatov\\u00e9 ty\\u010dinky, pom\\u00e1ha predch\\u00e1dza\\u0165 upchatiu a podr\\u00e1\\u017edeniu. Vhodn\\u00fd najm\\u00e4 pre seniorov, nosite\\u013eov na\\u010d\\u00favadiel a \\u013eud\\u00ed pracuj\\u00facich v pra\\u0161nom prostred\\u00ed.\",\"breadcrumb\":{\"@id\":\"https:\/\/www.fytofontana.com\/sk\/produkt\/aurecon-usny-sprej\/#breadcrumb\"},\"inLanguage\":\"sk-SK\",\"potentialAction\":[{\"@type\":\"ReadAction\",\"target\":[\"https:\/\/www.fytofontana.com\/sk\/produkt\/aurecon-usny-sprej\/\"]}]},{\"@type\":\"BreadcrumbList\",\"@id\":\"https:\/\/www.fytofontana.com\/sk\/produkt\/aurecon-usny-sprej\/#breadcrumb\",\"itemListElement\":[{\"@type\":\"ListItem\",\"position\":1,\"item\":{\"@type\":\"WebPage\",\"@id\":\"https:\/\/www.fytofontana.com\/sk\/\",\"url\":\"https:\/\/www.fytofontana.com\/sk\/\",\"name\":\"Home\"}},{\"@type\":\"ListItem\",\"position\":2,\"item\":{\"@type\":\"WebPage\",\"@id\":\"https:\/\/www.fytofontana.com\/sk\/produkt\/aurecon-usny-sprej\/\",\"url\":\"https:\/\/www.fytofontana.com\/sk\/produkt\/aurecon-usny-sprej\/\",\"name\":\"AURECON u\\u0161n\\u00fd sprej\"}}]}]}<\/script>","_links":{"self":[{"href":"https:\/\/www.fytofontana.com\/sk\/wp-json\/wp\/v2\/product\/1792"}],"collection":[{"href":"https:\/\/www.fytofontana.com\/sk\/wp-json\/wp\/v2\/product"}],"about":[{"href":"https:\/\/www.fytofontana.com\/sk\/wp-json\/wp\/v2\/types\/product"}],"wp:featuredmedia":[{"embeddable":true,"href":"https:\/\/www.fytofontana.com\/sk\/wp-json\/wp\/v2\/media\/3807"}],"wp:attachment":[{"href":"https:\/\/www.fytofontana.com\/sk\/wp-json\/wp\/v2\/media?parent=1792"}],"wp:term":[{"taxonomy":"products","embeddable":true,"href":"https:\/\/www.fytofontana.com\/sk\/wp-json\/wp\/v2\/products?post=1792"}],"curies":[{"name":"wp","href":"https:\/\/api.w.org\/{rel}","templated":true}]}}