{"id":4095,"date":"2025-07-29T16:18:07","date_gmt":"2025-07-29T15:18:07","guid":{"rendered":"https:\/\/www.fytofontana.com\/?post_type=product&#038;p=4095"},"modified":"2025-07-29T16:18:07","modified_gmt":"2025-07-29T15:18:07","slug":"aloe-vera-zel","status":"publish","type":"product","link":"https:\/\/www.fytofontana.com\/pl\/product\/aloe-vera-zel\/","title":{"rendered":"ALOE VERA \u017cel"},"content":{"rendered":"<ul>\n<li><strong>Fytofontana Aloe Vera \u017cel<\/strong> regeneruje, uspokaja, nawil\u017ca, ch\u0142odzi i od\u015bwie\u017ca.<\/li>\n<li>Zawiera <strong>93% ekstraktu z li\u015bci Aloe Vera.<\/strong><\/li>\n<li>Przeznaczony g\u0142\u00f3wnie na sk\u00f3r\u0119 such\u0105, wra\u017cliw\u0105 i problematyczn\u0105, a tak\u017ce na sk\u00f3r\u0119 nara\u017con\u0105 na niekorzystne wp\u0142ywy \u2013 w tym podra\u017cnienia po opalaniu.<\/li>\n<li>Aloe Vera jest od wiek\u00f3w cenione za swoje naturalne sk\u0142adniki ro\u015blinne, kt\u00f3re pomagaj\u0105 utrzyma\u0107 sk\u00f3r\u0119 zdrow\u0105, elastyczn\u0105 i odporn\u0105 nawet przy dzia\u0142aniu czynnik\u00f3w zewn\u0119trznych.<\/li>\n<\/ul>\n","protected":false},"featured_media":4079,"template":"","products":[105],"yoast_head":"<title>ALOE VERA \u017cel - Fytofontana<\/title>\n<meta name=\"description\" content=\"\u017bel z 93% ekstraktem z li\u015bci Aloe Vera regeneruje, uspokaja, nawil\u017ca, ch\u0142odzi i od\u015bwie\u017ca. Jest idealny do piel\u0119gnacji sk\u00f3ry suchej, wra\u017cliwej czy problematycznej, przy podra\u017cnieniach s\u0142onecznych, alergii s\u0142onecznej, po uk\u0105szeniach owad\u00f3w czy innych zewn\u0119trznych wp\u0142ywach.\" \/>\n<meta name=\"robots\" content=\"index, follow, max-snippet:-1, max-image-preview:large, max-video-preview:-1\" \/>\n<link rel=\"canonical\" href=\"https:\/\/www.fytofontana.com\/pl\/product\/aloe-vera-zel\/\" \/>\n<meta property=\"og:locale\" content=\"pl_PL\" \/>\n<meta property=\"og:type\" content=\"article\" \/>\n<meta property=\"og:title\" content=\"ALOE VERA \u017cel - Fytofontana\" \/>\n<meta property=\"og:description\" content=\"\u017bel z 93% ekstraktem z li\u015bci Aloe Vera regeneruje, uspokaja, nawil\u017ca, ch\u0142odzi i od\u015bwie\u017ca. Jest idealny do piel\u0119gnacji sk\u00f3ry suchej, wra\u017cliwej czy problematycznej, przy podra\u017cnieniach s\u0142onecznych, alergii s\u0142onecznej, po uk\u0105szeniach owad\u00f3w czy innych zewn\u0119trznych wp\u0142ywach.\" \/>\n<meta property=\"og:url\" content=\"https:\/\/www.fytofontana.com\/pl\/product\/aloe-vera-zel\/\" \/>\n<meta property=\"og:site_name\" content=\"Fytofontana\" \/>\n<meta property=\"og:image\" content=\"https:\/\/www.fytofontana.com\/wp-content\/uploads\/2025\/07\/2025_06_Fytofontana_ALOE_VERA_gel_100ml_01_LQ_Primary.png\" \/>\n\t<meta property=\"og:image:width\" content=\"1000\" \/>\n\t<meta property=\"og:image:height\" content=\"1000\" \/>\n<meta name=\"twitter:card\" content=\"summary_large_image\" \/>\n<meta name=\"twitter:label1\" content=\"Est. reading time\">\n\t<meta name=\"twitter:data1\" content=\"1 minuta\">\n<script type=\"application\/ld+json\" class=\"yoast-schema-graph\">{\"@context\":\"https:\/\/schema.org\",\"@graph\":[{\"@type\":\"Organization\",\"@id\":\"https:\/\/www.fytofontana.com\/#organization\",\"name\":\"Fytofontana\",\"url\":\"https:\/\/www.fytofontana.com\/\",\"sameAs\":[],\"logo\":{\"@type\":\"ImageObject\",\"@id\":\"https:\/\/www.fytofontana.com\/#logo\",\"inLanguage\":\"pl-PL\",\"url\":\"https:\/\/www.fytofontana.com\/wp-content\/uploads\/2021\/01\/fyto.png\",\"width\":817,\"height\":79,\"caption\":\"Fytofontana\"},\"image\":{\"@id\":\"https:\/\/www.fytofontana.com\/#logo\"}},{\"@type\":\"WebSite\",\"@id\":\"https:\/\/www.fytofontana.com\/#website\",\"url\":\"https:\/\/www.fytofontana.com\/\",\"name\":\"Fytofontana\",\"description\":\"\",\"publisher\":{\"@id\":\"https:\/\/www.fytofontana.com\/#organization\"},\"potentialAction\":[{\"@type\":\"SearchAction\",\"target\":\"https:\/\/www.fytofontana.com\/?s={search_term_string}\",\"query-input\":\"required name=search_term_string\"}],\"inLanguage\":\"pl-PL\"},{\"@type\":\"ImageObject\",\"@id\":\"https:\/\/www.fytofontana.com\/pl\/product\/aloe-vera-zel\/#primaryimage\",\"inLanguage\":\"pl-PL\",\"url\":\"https:\/\/www.fytofontana.com\/wp-content\/uploads\/2025\/07\/2025_06_Fytofontana_ALOE_VERA_gel_100ml_01_LQ_Primary.png\",\"width\":1000,\"height\":1000},{\"@type\":[\"WebPage\",\"ItemPage\"],\"@id\":\"https:\/\/www.fytofontana.com\/pl\/product\/aloe-vera-zel\/#webpage\",\"url\":\"https:\/\/www.fytofontana.com\/pl\/product\/aloe-vera-zel\/\",\"name\":\"ALOE VERA \\u017cel - Fytofontana\",\"isPartOf\":{\"@id\":\"https:\/\/www.fytofontana.com\/#website\"},\"primaryImageOfPage\":{\"@id\":\"https:\/\/www.fytofontana.com\/pl\/product\/aloe-vera-zel\/#primaryimage\"},\"datePublished\":\"2025-07-29T15:18:07+00:00\",\"dateModified\":\"2025-07-29T15:18:07+00:00\",\"description\":\"\\u017bel z 93% ekstraktem z li\\u015bci Aloe Vera regeneruje, uspokaja, nawil\\u017ca, ch\\u0142odzi i od\\u015bwie\\u017ca. Jest idealny do piel\\u0119gnacji sk\\u00f3ry suchej, wra\\u017cliwej czy problematycznej, przy podra\\u017cnieniach s\\u0142onecznych, alergii s\\u0142onecznej, po uk\\u0105szeniach owad\\u00f3w czy innych zewn\\u0119trznych wp\\u0142ywach.\",\"breadcrumb\":{\"@id\":\"https:\/\/www.fytofontana.com\/pl\/product\/aloe-vera-zel\/#breadcrumb\"},\"inLanguage\":\"pl-PL\",\"potentialAction\":[{\"@type\":\"ReadAction\",\"target\":[\"https:\/\/www.fytofontana.com\/pl\/product\/aloe-vera-zel\/\"]}]},{\"@type\":\"BreadcrumbList\",\"@id\":\"https:\/\/www.fytofontana.com\/pl\/product\/aloe-vera-zel\/#breadcrumb\",\"itemListElement\":[{\"@type\":\"ListItem\",\"position\":1,\"item\":{\"@type\":\"WebPage\",\"@id\":\"https:\/\/www.fytofontana.com\/pl\/\",\"url\":\"https:\/\/www.fytofontana.com\/pl\/\",\"name\":\"Home\"}},{\"@type\":\"ListItem\",\"position\":2,\"item\":{\"@type\":\"WebPage\",\"@id\":\"https:\/\/www.fytofontana.com\/pl\/product\/aloe-vera-zel\/\",\"url\":\"https:\/\/www.fytofontana.com\/pl\/product\/aloe-vera-zel\/\",\"name\":\"ALOE VERA \\u017cel\"}}]}]}<\/script>","_links":{"self":[{"href":"https:\/\/www.fytofontana.com\/pl\/wp-json\/wp\/v2\/product\/4095"}],"collection":[{"href":"https:\/\/www.fytofontana.com\/pl\/wp-json\/wp\/v2\/product"}],"about":[{"href":"https:\/\/www.fytofontana.com\/pl\/wp-json\/wp\/v2\/types\/product"}],"wp:featuredmedia":[{"embeddable":true,"href":"https:\/\/www.fytofontana.com\/pl\/wp-json\/wp\/v2\/media\/4079"}],"wp:attachment":[{"href":"https:\/\/www.fytofontana.com\/pl\/wp-json\/wp\/v2\/media?parent=4095"}],"wp:term":[{"taxonomy":"products","embeddable":true,"href":"https:\/\/www.fytofontana.com\/pl\/wp-json\/wp\/v2\/products?post=4095"}],"curies":[{"name":"wp","href":"https:\/\/api.w.org\/{rel}","templated":true}]}}