{"id":612,"date":"2020-12-17T21:05:47","date_gmt":"2020-12-17T20:05:47","guid":{"rendered":"https:\/\/www.fytofontana.com\/hu\/product\/gyntima-probiotica-forte-2\/"},"modified":"2025-10-14T11:42:19","modified_gmt":"2025-10-14T10:42:19","slug":"gyntima-probiotica-forte","status":"publish","type":"product","link":"https:\/\/www.fytofontana.com\/hu\/termek\/gyntima-probiotica-forte\/","title":{"rendered":"GYNTIMA Probiotica Forte h\u00fcvelyk\u00fap"},"content":{"rendered":"<p><strong>Bakteri\u00e1lis \u00e9s gomb\u00e1s eredet\u0171 h\u00fcvelyi fert\u0151z\u00e9sek kezel\u00e9s\u00e9re<\/strong><\/p>\n<ul>\n<li><b>MDR <\/b><b>tan\u00fas\u00edtv\u00e1nnyal<\/b> <b>rendelkez\u0151<\/b> <b>orvostechnikai<\/b> <b>eszk\u00f6z<\/b> (EU 2017\/745).<\/li>\n<li>Enyh\u00edti a viszket\u00e9st, \u00e9g\u0151 \u00e9rz\u00e9st, irrit\u00e1ci\u00f3t \u00e9s cs\u00f6kkenti a h\u00fcvelyv\u00e1lad\u00e9k mennyis\u00e9g\u00e9t.<\/li>\n<li>Term\u00e9szetes m\u00f3don seg\u00edt megsz\u00fcntetni a bakteri\u00e1lis \u00e9s gomb\u00e1s eredet\u0171 h\u00fcvelyi fert\u0151z\u00e9<\/li>\n<li>Helyre\u00e1ll\u00edtja a h\u00fcvely biol\u00f3giai egyens\u00faly\u00e1t \u00e9s ny\u00e1lkah\u00e1rty\u00e1j\u00e1nak nedvess\u00e9gtartalm\u00e1t.<\/li>\n<li>Kombin\u00e1lt hat\u00e1s\u00fa: az antiszeptikus hat\u00e1s mellett akt\u00edvan t\u00e1mogatja a Lactobacillusok sz\u00e1m\u00e1ra megfelel\u0151 t\u00e1ptalaj kialak\u00edt\u00e1s\u00e1t is.<\/li>\n<li>Ide\u00e1lis akut panaszok vagy gyakran visszat\u00e9r\u0151 fert\u0151z\u00e9sek eset\u00e9n.<\/li>\n<\/ul>\n","protected":false},"featured_media":3212,"template":"","products":[28],"yoast_head":"<title>GYNTIMA Probiotica Forte h\u00fcvelyk\u00fap - Fytofontana<\/title>\n<meta name=\"description\" content=\"H\u00fcvelyk\u00fap. Term\u00e9szetes biol\u00f3giai megold\u00e1s a h\u00fcvelyi fert\u0151z\u00e9sekre. A k\u00fapok seg\u00edtenek a bakteri\u00e1lis \u00e9s gomb\u00e1s fert\u0151z\u00e9sek kezel\u00e9s\u00e9ben, h\u00fcvelyfoly\u00e1s \u00e9s nem megfelel\u0151 h\u00fcvelyfl\u00f3ra eset\u00e9ben cs\u00f6kkentik a panaszokat.\" \/>\n<meta name=\"robots\" content=\"index, follow, max-snippet:-1, max-image-preview:large, max-video-preview:-1\" \/>\n<link rel=\"canonical\" href=\"https:\/\/www.fytofontana.com\/hu\/termek\/gyntima-probiotica-forte\/\" \/>\n<meta property=\"og:locale\" content=\"hu_HU\" \/>\n<meta property=\"og:type\" content=\"article\" \/>\n<meta property=\"og:title\" content=\"GYNTIMA Probiotica Forte h\u00fcvelyk\u00fap - Fytofontana\" \/>\n<meta property=\"og:description\" content=\"H\u00fcvelyk\u00fap. Term\u00e9szetes biol\u00f3giai megold\u00e1s a h\u00fcvelyi fert\u0151z\u00e9sekre. A k\u00fapok seg\u00edtenek a bakteri\u00e1lis \u00e9s gomb\u00e1s fert\u0151z\u00e9sek kezel\u00e9s\u00e9ben, h\u00fcvelyfoly\u00e1s \u00e9s nem megfelel\u0151 h\u00fcvelyfl\u00f3ra eset\u00e9ben cs\u00f6kkentik a panaszokat.\" \/>\n<meta property=\"og:url\" content=\"https:\/\/www.fytofontana.com\/hu\/termek\/gyntima-probiotica-forte\/\" \/>\n<meta property=\"og:site_name\" content=\"Fytofontana\" \/>\n<meta property=\"article:modified_time\" content=\"2025-10-14T10:42:19+00:00\" \/>\n<meta property=\"og:image\" content=\"https:\/\/www.fytofontana.com\/wp-content\/uploads\/2021\/03\/2025_04_GYNTIMA_Vag_Cap_Probiotica_Forte_10ks_01_LQ_Primary.jpg\" \/>\n\t<meta property=\"og:image:width\" content=\"1000\" \/>\n\t<meta property=\"og:image:height\" content=\"1000\" \/>\n<meta name=\"twitter:card\" content=\"summary_large_image\" \/>\n<meta name=\"twitter:label1\" content=\"Becs\u00fclt olvas\u00e1si id\u0151\">\n\t<meta name=\"twitter:data1\" content=\"1 perc\">\n<script type=\"application\/ld+json\" class=\"yoast-schema-graph\">{\"@context\":\"https:\/\/schema.org\",\"@graph\":[{\"@type\":\"Organization\",\"@id\":\"https:\/\/www.fytofontana.com\/#organization\",\"name\":\"Fytofontana\",\"url\":\"https:\/\/www.fytofontana.com\/\",\"sameAs\":[],\"logo\":{\"@type\":\"ImageObject\",\"@id\":\"https:\/\/www.fytofontana.com\/#logo\",\"inLanguage\":\"hu\",\"url\":\"https:\/\/www.fytofontana.com\/wp-content\/uploads\/2021\/01\/fyto.png\",\"width\":817,\"height\":79,\"caption\":\"Fytofontana\"},\"image\":{\"@id\":\"https:\/\/www.fytofontana.com\/#logo\"}},{\"@type\":\"WebSite\",\"@id\":\"https:\/\/www.fytofontana.com\/#website\",\"url\":\"https:\/\/www.fytofontana.com\/\",\"name\":\"Fytofontana\",\"description\":\"\",\"publisher\":{\"@id\":\"https:\/\/www.fytofontana.com\/#organization\"},\"potentialAction\":[{\"@type\":\"SearchAction\",\"target\":\"https:\/\/www.fytofontana.com\/?s={search_term_string}\",\"query-input\":\"required name=search_term_string\"}],\"inLanguage\":\"hu\"},{\"@type\":\"ImageObject\",\"@id\":\"https:\/\/www.fytofontana.com\/hu\/termek\/gyntima-probiotica-forte\/#primaryimage\",\"inLanguage\":\"hu\",\"url\":\"https:\/\/www.fytofontana.com\/wp-content\/uploads\/2021\/03\/2025_04_GYNTIMA_Vag_Cap_Probiotica_Forte_10ks_01_LQ_Primary.jpg\",\"width\":1000,\"height\":1000},{\"@type\":[\"WebPage\",\"ItemPage\"],\"@id\":\"https:\/\/www.fytofontana.com\/hu\/termek\/gyntima-probiotica-forte\/#webpage\",\"url\":\"https:\/\/www.fytofontana.com\/hu\/termek\/gyntima-probiotica-forte\/\",\"name\":\"GYNTIMA Probiotica Forte h\\u00fcvelyk\\u00fap - Fytofontana\",\"isPartOf\":{\"@id\":\"https:\/\/www.fytofontana.com\/#website\"},\"primaryImageOfPage\":{\"@id\":\"https:\/\/www.fytofontana.com\/hu\/termek\/gyntima-probiotica-forte\/#primaryimage\"},\"datePublished\":\"2020-12-17T20:05:47+00:00\",\"dateModified\":\"2025-10-14T10:42:19+00:00\",\"description\":\"H\\u00fcvelyk\\u00fap. Term\\u00e9szetes biol\\u00f3giai megold\\u00e1s a h\\u00fcvelyi fert\\u0151z\\u00e9sekre. A k\\u00fapok seg\\u00edtenek a bakteri\\u00e1lis \\u00e9s gomb\\u00e1s fert\\u0151z\\u00e9sek kezel\\u00e9s\\u00e9ben, h\\u00fcvelyfoly\\u00e1s \\u00e9s nem megfelel\\u0151 h\\u00fcvelyfl\\u00f3ra eset\\u00e9ben cs\\u00f6kkentik a panaszokat.\",\"breadcrumb\":{\"@id\":\"https:\/\/www.fytofontana.com\/hu\/termek\/gyntima-probiotica-forte\/#breadcrumb\"},\"inLanguage\":\"hu\",\"potentialAction\":[{\"@type\":\"ReadAction\",\"target\":[\"https:\/\/www.fytofontana.com\/hu\/termek\/gyntima-probiotica-forte\/\"]}]},{\"@type\":\"BreadcrumbList\",\"@id\":\"https:\/\/www.fytofontana.com\/hu\/termek\/gyntima-probiotica-forte\/#breadcrumb\",\"itemListElement\":[{\"@type\":\"ListItem\",\"position\":1,\"item\":{\"@type\":\"WebPage\",\"@id\":\"https:\/\/www.fytofontana.com\/hu\/\",\"url\":\"https:\/\/www.fytofontana.com\/hu\/\",\"name\":\"Home\"}},{\"@type\":\"ListItem\",\"position\":2,\"item\":{\"@type\":\"WebPage\",\"@id\":\"https:\/\/www.fytofontana.com\/hu\/termek\/gyntima-probiotica-forte\/\",\"url\":\"https:\/\/www.fytofontana.com\/hu\/termek\/gyntima-probiotica-forte\/\",\"name\":\"GYNTIMA Probiotica Forte h\\u00fcvelyk\\u00fap\"}}]}]}<\/script>","_links":{"self":[{"href":"https:\/\/www.fytofontana.com\/hu\/wp-json\/wp\/v2\/product\/612"}],"collection":[{"href":"https:\/\/www.fytofontana.com\/hu\/wp-json\/wp\/v2\/product"}],"about":[{"href":"https:\/\/www.fytofontana.com\/hu\/wp-json\/wp\/v2\/types\/product"}],"wp:featuredmedia":[{"embeddable":true,"href":"https:\/\/www.fytofontana.com\/hu\/wp-json\/wp\/v2\/media\/3212"}],"wp:attachment":[{"href":"https:\/\/www.fytofontana.com\/hu\/wp-json\/wp\/v2\/media?parent=612"}],"wp:term":[{"taxonomy":"products","embeddable":true,"href":"https:\/\/www.fytofontana.com\/hu\/wp-json\/wp\/v2\/products?post=612"}],"curies":[{"name":"wp","href":"https:\/\/api.w.org\/{rel}","templated":true}]}}