{"id":317,"date":"2020-12-14T23:23:13","date_gmt":"2020-12-14T22:23:13","guid":{"rendered":"https:\/\/www.fytofontana.com\/hu\/product\/aurecon-junior-fulspray\/"},"modified":"2025-10-17T06:19:53","modified_gmt":"2025-10-17T05:19:53","slug":"aurecon-junior-fulspray","status":"publish","type":"product","link":"https:\/\/www.fytofontana.com\/hu\/termek\/aurecon-junior-fulspray\/","title":{"rendered":"AURECON Junior f\u00fclspray"},"content":{"rendered":"<ul>\n<li><b>MDR szerint<\/b>\u00a0<b>j\u00f3v\u00e1hagyott<\/b> <b>orvostechnikai<\/b> <b>eszk\u00f6z<\/b> (EU 2017\/745).<\/li>\n<li><strong>Term\u00e9szetes oldat a f\u00fclgyullad\u00e1s \u00e9s f\u00fcldugul\u00e1s megel\u0151z\u00e9s\u00e9re<\/strong><\/li>\n<\/ul>\n<p>Aurecon Junior f\u00fclspray haszn\u00e1lata az al\u00e1bbi esetekben javasolt:<\/p>\n<ul>\n<li>cs\u00f6kkenthet\u0151 a k\u00f6z\u00e9pf\u00fclt\u0151-gyullad\u00e1s \u00e9s a n\u00e1tha kialakul\u00e1s\u00e1nak lehet\u0151s\u00e9ge,<\/li>\n<li>helyettes\u00edtheti a klasszikus f\u00fcltiszt\u00edt\u00f3 p\u00e1lcik\u00e1t, amelynek helytelen haszn\u00e1lata megs\u00e9rtheti a f\u00fclet,<\/li>\n<li>haszn\u00e1lat\u00e1val megsz\u00fcntethet\u0151 a \u2013 k\u00fcls\u0151 hall\u00f3j\u00e1rat csatorn\u00e1j\u00e1ban felhalmoz\u00f3dott f\u00fclzs\u00edr okozta \u2013 f\u00fcldugul\u00e1s,<\/li>\n<li>megel\u0151zhet\u0151 a f\u00fclgyullad\u00e1s, amely a f\u00fclzs\u00edr v\u00edzzel val\u00f3 tal\u00e1lkoz\u00e1sakor alakul ki (pl. medenc\u00e9ben val\u00f3 hosszas \u00fasz\u00e1s sor\u00e1n),<\/li>\n<li>term\u00e9k gyermekek r\u00e9sz\u00e9re 3 \u00e9ves kort\u00f3l aj\u00e1nlott, k\u00fcl\u00f6n\u00f6sen azoknak, akikn\u00e9l gyakran sz\u00e1raz f\u00fclzs\u00edr keletkezik.<\/li>\n<\/ul>\n","protected":false},"featured_media":3834,"template":"","products":[18],"yoast_head":"<title>AURECON Junior f\u00fclspray - Fytofontana<\/title>\n<meta name=\"description\" content=\"Aurecon Junior f\u00fclspray 3 \u00e9ves kort\u00f3l. Term\u00e9szetes megold\u00e1s a f\u00fcldugul\u00e1s \u00e9s f\u00fclgyullad\u00e1s megel\u0151z\u00e9s\u00e9re. Seg\u00edt elt\u00e1vol\u00edtani a f\u00fclzs\u00edrt, cs\u00f6kkenti a fert\u0151z\u00e9s kock\u00e1zat\u00e1t \u00e9s helyettes\u00edti a f\u00fcltiszt\u00edt\u00f3 p\u00e1lcik\u00e1t.\" \/>\n<meta name=\"robots\" content=\"index, follow, max-snippet:-1, max-image-preview:large, max-video-preview:-1\" \/>\n<link rel=\"canonical\" href=\"https:\/\/www.fytofontana.com\/hu\/termek\/aurecon-junior-fulspray\/\" \/>\n<meta property=\"og:locale\" content=\"hu_HU\" \/>\n<meta property=\"og:type\" content=\"article\" \/>\n<meta property=\"og:title\" content=\"AURECON Junior f\u00fclspray - Fytofontana\" \/>\n<meta property=\"og:description\" content=\"Aurecon Junior f\u00fclspray 3 \u00e9ves kort\u00f3l. Term\u00e9szetes megold\u00e1s a f\u00fcldugul\u00e1s \u00e9s f\u00fclgyullad\u00e1s megel\u0151z\u00e9s\u00e9re. Seg\u00edt elt\u00e1vol\u00edtani a f\u00fclzs\u00edrt, cs\u00f6kkenti a fert\u0151z\u00e9s kock\u00e1zat\u00e1t \u00e9s helyettes\u00edti a f\u00fcltiszt\u00edt\u00f3 p\u00e1lcik\u00e1t.\" \/>\n<meta property=\"og:url\" content=\"https:\/\/www.fytofontana.com\/hu\/termek\/aurecon-junior-fulspray\/\" \/>\n<meta property=\"og:site_name\" content=\"Fytofontana\" \/>\n<meta property=\"article:modified_time\" content=\"2025-10-17T05:19:53+00:00\" \/>\n<meta property=\"og:image\" content=\"https:\/\/www.fytofontana.com\/wp-content\/uploads\/2021\/03\/2023_05_AURECON_Spray_Junior_30ml_1000x1000px_01_Primary.png\" \/>\n\t<meta property=\"og:image:width\" content=\"1000\" \/>\n\t<meta property=\"og:image:height\" content=\"1000\" \/>\n<meta name=\"twitter:card\" content=\"summary_large_image\" \/>\n<meta name=\"twitter:label1\" content=\"Becs\u00fclt olvas\u00e1si id\u0151\">\n\t<meta name=\"twitter:data1\" content=\"1 perc\">\n<script type=\"application\/ld+json\" class=\"yoast-schema-graph\">{\"@context\":\"https:\/\/schema.org\",\"@graph\":[{\"@type\":\"Organization\",\"@id\":\"https:\/\/www.fytofontana.com\/#organization\",\"name\":\"Fytofontana\",\"url\":\"https:\/\/www.fytofontana.com\/\",\"sameAs\":[],\"logo\":{\"@type\":\"ImageObject\",\"@id\":\"https:\/\/www.fytofontana.com\/#logo\",\"inLanguage\":\"hu\",\"url\":\"https:\/\/www.fytofontana.com\/wp-content\/uploads\/2021\/01\/fyto.png\",\"width\":817,\"height\":79,\"caption\":\"Fytofontana\"},\"image\":{\"@id\":\"https:\/\/www.fytofontana.com\/#logo\"}},{\"@type\":\"WebSite\",\"@id\":\"https:\/\/www.fytofontana.com\/#website\",\"url\":\"https:\/\/www.fytofontana.com\/\",\"name\":\"Fytofontana\",\"description\":\"\",\"publisher\":{\"@id\":\"https:\/\/www.fytofontana.com\/#organization\"},\"potentialAction\":[{\"@type\":\"SearchAction\",\"target\":\"https:\/\/www.fytofontana.com\/?s={search_term_string}\",\"query-input\":\"required name=search_term_string\"}],\"inLanguage\":\"hu\"},{\"@type\":\"ImageObject\",\"@id\":\"https:\/\/www.fytofontana.com\/hu\/termek\/aurecon-junior-fulspray\/#primaryimage\",\"inLanguage\":\"hu\",\"url\":\"https:\/\/www.fytofontana.com\/wp-content\/uploads\/2021\/03\/2023_05_AURECON_Spray_Junior_30ml_1000x1000px_01_Primary.png\",\"width\":1000,\"height\":1000},{\"@type\":[\"WebPage\",\"ItemPage\"],\"@id\":\"https:\/\/www.fytofontana.com\/hu\/termek\/aurecon-junior-fulspray\/#webpage\",\"url\":\"https:\/\/www.fytofontana.com\/hu\/termek\/aurecon-junior-fulspray\/\",\"name\":\"AURECON Junior f\\u00fclspray - Fytofontana\",\"isPartOf\":{\"@id\":\"https:\/\/www.fytofontana.com\/#website\"},\"primaryImageOfPage\":{\"@id\":\"https:\/\/www.fytofontana.com\/hu\/termek\/aurecon-junior-fulspray\/#primaryimage\"},\"datePublished\":\"2020-12-14T22:23:13+00:00\",\"dateModified\":\"2025-10-17T05:19:53+00:00\",\"description\":\"Aurecon Junior f\\u00fclspray 3 \\u00e9ves kort\\u00f3l. Term\\u00e9szetes megold\\u00e1s a f\\u00fcldugul\\u00e1s \\u00e9s f\\u00fclgyullad\\u00e1s megel\\u0151z\\u00e9s\\u00e9re. Seg\\u00edt elt\\u00e1vol\\u00edtani a f\\u00fclzs\\u00edrt, cs\\u00f6kkenti a fert\\u0151z\\u00e9s kock\\u00e1zat\\u00e1t \\u00e9s helyettes\\u00edti a f\\u00fcltiszt\\u00edt\\u00f3 p\\u00e1lcik\\u00e1t.\",\"breadcrumb\":{\"@id\":\"https:\/\/www.fytofontana.com\/hu\/termek\/aurecon-junior-fulspray\/#breadcrumb\"},\"inLanguage\":\"hu\",\"potentialAction\":[{\"@type\":\"ReadAction\",\"target\":[\"https:\/\/www.fytofontana.com\/hu\/termek\/aurecon-junior-fulspray\/\"]}]},{\"@type\":\"BreadcrumbList\",\"@id\":\"https:\/\/www.fytofontana.com\/hu\/termek\/aurecon-junior-fulspray\/#breadcrumb\",\"itemListElement\":[{\"@type\":\"ListItem\",\"position\":1,\"item\":{\"@type\":\"WebPage\",\"@id\":\"https:\/\/www.fytofontana.com\/hu\/\",\"url\":\"https:\/\/www.fytofontana.com\/hu\/\",\"name\":\"Home\"}},{\"@type\":\"ListItem\",\"position\":2,\"item\":{\"@type\":\"WebPage\",\"@id\":\"https:\/\/www.fytofontana.com\/hu\/termek\/aurecon-junior-fulspray\/\",\"url\":\"https:\/\/www.fytofontana.com\/hu\/termek\/aurecon-junior-fulspray\/\",\"name\":\"AURECON Junior f\\u00fclspray\"}}]}]}<\/script>","_links":{"self":[{"href":"https:\/\/www.fytofontana.com\/hu\/wp-json\/wp\/v2\/product\/317"}],"collection":[{"href":"https:\/\/www.fytofontana.com\/hu\/wp-json\/wp\/v2\/product"}],"about":[{"href":"https:\/\/www.fytofontana.com\/hu\/wp-json\/wp\/v2\/types\/product"}],"wp:featuredmedia":[{"embeddable":true,"href":"https:\/\/www.fytofontana.com\/hu\/wp-json\/wp\/v2\/media\/3834"}],"wp:attachment":[{"href":"https:\/\/www.fytofontana.com\/hu\/wp-json\/wp\/v2\/media?parent=317"}],"wp:term":[{"taxonomy":"products","embeddable":true,"href":"https:\/\/www.fytofontana.com\/hu\/wp-json\/wp\/v2\/products?post=317"}],"curies":[{"name":"wp","href":"https:\/\/api.w.org\/{rel}","templated":true}]}}