{"id":1948,"date":"2021-05-23T15:49:24","date_gmt":"2021-05-23T14:49:24","guid":{"rendered":"https:\/\/www.fytofontana.com\/hu\/?post_type=product&#038;p=1948"},"modified":"2025-10-14T12:24:27","modified_gmt":"2025-10-14T11:24:27","slug":"aurecon-usni-sprej","status":"publish","type":"product","link":"https:\/\/www.fytofontana.com\/cs\/produkt\/aurecon-usni-sprej\/","title":{"rendered":"AURECON u\u0161n\u00ed sprej"},"content":{"rendered":"<ul>\n<li><b>MDR schv\u00e1len\u00fd <\/b><b>zdravotnick\u00fd<\/b> <b>prost\u0159edek<\/b> (EU 2017\/745).<\/li>\n<li><strong>Roztok z Mrtv\u00e9ho mo\u0159e s extraktem z\u00a0Aloe Vera.<\/strong><\/li>\n<li>P\u0159irozen\u00fd neagresivn\u00ed iontov\u00fd roztok, kter\u00fd rozkl\u00e1d\u00e1 u\u0161n\u00ed maz, ani\u017e by dr\u00e1\u017edil u\u0161n\u00ed bub\u00ednek nebo kan\u00e1l vn\u011bj\u0161\u00edho ucha.<\/li>\n<li>Speci\u00e1ln\u011b ur\u010den\u00fd pro b\u011b\u017enou hygienu a slou\u017e\u00ed jako prevence proti ucp\u00e1n\u00ed zvukovodu u\u0161n\u00edm mazem.<\/li>\n<li>Obsahuje aktivn\u00ed stopov\u00e9 prvky mo\u0159sk\u00e9ho p\u016fvodu, extrakt z Aloe Vera a d\u00edky p\u0159\u00edzniv\u00fdm \u00fa\u010dink\u016fm skaln\u00ed r\u016f\u017ee m\u016f\u017ee napom\u00e1hat p\u0159i bolestech a z\u00e1n\u011btech ucha.<\/li>\n<li>Aurecon u\u0161n\u00ed sprej je jemn\u00fd, bezpe\u010dn\u00fd a \u00fa\u010dinn\u00fd roztok pro u\u0161n\u00ed hygienu.<\/li>\n<\/ul>\n","protected":false},"featured_media":3808,"template":"","products":[69],"yoast_head":"<title>AURECON u\u0161n\u00ed sprej - Fytofontana<\/title>\n<meta name=\"description\" content=\"Roztok z Mrtv\u00e9ho mo\u0159e s aloe a net\u0159eskem pro \u0161etrnou hygienu u\u0161\u00ed. Rozpou\u0161t\u00ed maz bez podr\u00e1\u017ed\u011bn\u00ed, nahrazuje vatov\u00e9 ty\u010dinky a pom\u00e1h\u00e1 p\u0159edch\u00e1zet ucp\u00e1n\u00ed i podr\u00e1\u017ed\u011bn\u00ed. Vhodn\u00fd zejm\u00e9na pro seniory, u\u017eivatele naslouchadel a osoby pracuj\u00edc\u00ed v pra\u0161n\u00e9m prost\u0159ed\u00ed.\" \/>\n<meta name=\"robots\" content=\"index, follow, max-snippet:-1, max-image-preview:large, max-video-preview:-1\" \/>\n<link rel=\"canonical\" href=\"https:\/\/www.fytofontana.com\/cs\/produkt\/aurecon-usni-sprej\/\" \/>\n<meta property=\"og:locale\" content=\"cs_CZ\" \/>\n<meta property=\"og:type\" content=\"article\" \/>\n<meta property=\"og:title\" content=\"AURECON u\u0161n\u00ed sprej - Fytofontana\" \/>\n<meta property=\"og:description\" content=\"Roztok z Mrtv\u00e9ho mo\u0159e s aloe a net\u0159eskem pro \u0161etrnou hygienu u\u0161\u00ed. Rozpou\u0161t\u00ed maz bez podr\u00e1\u017ed\u011bn\u00ed, nahrazuje vatov\u00e9 ty\u010dinky a pom\u00e1h\u00e1 p\u0159edch\u00e1zet ucp\u00e1n\u00ed i podr\u00e1\u017ed\u011bn\u00ed. Vhodn\u00fd zejm\u00e9na pro seniory, u\u017eivatele naslouchadel a osoby pracuj\u00edc\u00ed v pra\u0161n\u00e9m prost\u0159ed\u00ed.\" \/>\n<meta property=\"og:url\" content=\"https:\/\/www.fytofontana.com\/cs\/produkt\/aurecon-usni-sprej\/\" \/>\n<meta property=\"og:site_name\" content=\"Fytofontana\" \/>\n<meta property=\"article:modified_time\" content=\"2025-10-14T11:24:27+00:00\" \/>\n<meta property=\"og:image\" content=\"https:\/\/www.fytofontana.com\/wp-content\/uploads\/2021\/03\/2023_05_AURECON_Spray_50ml_1000x1000px_01_Primary.png\" \/>\n\t<meta property=\"og:image:width\" content=\"1000\" \/>\n\t<meta property=\"og:image:height\" content=\"1000\" \/>\n<meta name=\"twitter:card\" content=\"summary_large_image\" \/>\n<meta name=\"twitter:label1\" content=\"Odhadovan\u00e1 doba \u010dten\u00ed\">\n\t<meta name=\"twitter:data1\" content=\"1 minuta\">\n<script type=\"application\/ld+json\" class=\"yoast-schema-graph\">{\"@context\":\"https:\/\/schema.org\",\"@graph\":[{\"@type\":\"Organization\",\"@id\":\"https:\/\/www.fytofontana.com\/#organization\",\"name\":\"Fytofontana\",\"url\":\"https:\/\/www.fytofontana.com\/\",\"sameAs\":[],\"logo\":{\"@type\":\"ImageObject\",\"@id\":\"https:\/\/www.fytofontana.com\/#logo\",\"inLanguage\":\"cs\",\"url\":\"https:\/\/www.fytofontana.com\/wp-content\/uploads\/2021\/01\/fyto.png\",\"width\":817,\"height\":79,\"caption\":\"Fytofontana\"},\"image\":{\"@id\":\"https:\/\/www.fytofontana.com\/#logo\"}},{\"@type\":\"WebSite\",\"@id\":\"https:\/\/www.fytofontana.com\/#website\",\"url\":\"https:\/\/www.fytofontana.com\/\",\"name\":\"Fytofontana\",\"description\":\"\",\"publisher\":{\"@id\":\"https:\/\/www.fytofontana.com\/#organization\"},\"potentialAction\":[{\"@type\":\"SearchAction\",\"target\":\"https:\/\/www.fytofontana.com\/?s={search_term_string}\",\"query-input\":\"required name=search_term_string\"}],\"inLanguage\":\"cs\"},{\"@type\":\"ImageObject\",\"@id\":\"https:\/\/www.fytofontana.com\/cs\/produkt\/aurecon-usni-sprej\/#primaryimage\",\"inLanguage\":\"cs\",\"url\":\"https:\/\/www.fytofontana.com\/wp-content\/uploads\/2021\/03\/2023_05_AURECON_Spray_50ml_1000x1000px_01_Primary.png\",\"width\":1000,\"height\":1000},{\"@type\":[\"WebPage\",\"ItemPage\"],\"@id\":\"https:\/\/www.fytofontana.com\/cs\/produkt\/aurecon-usni-sprej\/#webpage\",\"url\":\"https:\/\/www.fytofontana.com\/cs\/produkt\/aurecon-usni-sprej\/\",\"name\":\"AURECON u\\u0161n\\u00ed sprej - Fytofontana\",\"isPartOf\":{\"@id\":\"https:\/\/www.fytofontana.com\/#website\"},\"primaryImageOfPage\":{\"@id\":\"https:\/\/www.fytofontana.com\/cs\/produkt\/aurecon-usni-sprej\/#primaryimage\"},\"datePublished\":\"2021-05-23T14:49:24+00:00\",\"dateModified\":\"2025-10-14T11:24:27+00:00\",\"description\":\"Roztok z Mrtv\\u00e9ho mo\\u0159e s aloe a net\\u0159eskem pro \\u0161etrnou hygienu u\\u0161\\u00ed. Rozpou\\u0161t\\u00ed maz bez podr\\u00e1\\u017ed\\u011bn\\u00ed, nahrazuje vatov\\u00e9 ty\\u010dinky a pom\\u00e1h\\u00e1 p\\u0159edch\\u00e1zet ucp\\u00e1n\\u00ed i podr\\u00e1\\u017ed\\u011bn\\u00ed. Vhodn\\u00fd zejm\\u00e9na pro seniory, u\\u017eivatele naslouchadel a osoby pracuj\\u00edc\\u00ed v pra\\u0161n\\u00e9m prost\\u0159ed\\u00ed.\",\"breadcrumb\":{\"@id\":\"https:\/\/www.fytofontana.com\/cs\/produkt\/aurecon-usni-sprej\/#breadcrumb\"},\"inLanguage\":\"cs\",\"potentialAction\":[{\"@type\":\"ReadAction\",\"target\":[\"https:\/\/www.fytofontana.com\/cs\/produkt\/aurecon-usni-sprej\/\"]}]},{\"@type\":\"BreadcrumbList\",\"@id\":\"https:\/\/www.fytofontana.com\/cs\/produkt\/aurecon-usni-sprej\/#breadcrumb\",\"itemListElement\":[{\"@type\":\"ListItem\",\"position\":1,\"item\":{\"@type\":\"WebPage\",\"@id\":\"https:\/\/www.fytofontana.com\/cs\/\",\"url\":\"https:\/\/www.fytofontana.com\/cs\/\",\"name\":\"Home\"}},{\"@type\":\"ListItem\",\"position\":2,\"item\":{\"@type\":\"WebPage\",\"@id\":\"https:\/\/www.fytofontana.com\/cs\/produkt\/aurecon-usni-sprej\/\",\"url\":\"https:\/\/www.fytofontana.com\/cs\/produkt\/aurecon-usni-sprej\/\",\"name\":\"AURECON u\\u0161n\\u00ed sprej\"}}]}]}<\/script>","_links":{"self":[{"href":"https:\/\/www.fytofontana.com\/cs\/wp-json\/wp\/v2\/product\/1948"}],"collection":[{"href":"https:\/\/www.fytofontana.com\/cs\/wp-json\/wp\/v2\/product"}],"about":[{"href":"https:\/\/www.fytofontana.com\/cs\/wp-json\/wp\/v2\/types\/product"}],"wp:featuredmedia":[{"embeddable":true,"href":"https:\/\/www.fytofontana.com\/cs\/wp-json\/wp\/v2\/media\/3808"}],"wp:attachment":[{"href":"https:\/\/www.fytofontana.com\/cs\/wp-json\/wp\/v2\/media?parent=1948"}],"wp:term":[{"taxonomy":"products","embeddable":true,"href":"https:\/\/www.fytofontana.com\/cs\/wp-json\/wp\/v2\/products?post=1948"}],"curies":[{"name":"wp","href":"https:\/\/api.w.org\/{rel}","templated":true}]}}